{"id":483,"date":"2017-05-11T14:28:04","date_gmt":"2017-05-11T14:28:04","guid":{"rendered":"http:\/\/servidorweb:8080\/martos\/?page_id=483"},"modified":"2023-08-31T10:53:02","modified_gmt":"2023-08-31T10:53:02","slug":"pellets-informacoes","status":"publish","type":"page","link":"https:\/\/www.martos.pt\/fr\/pellets-informacoes\/","title":{"rendered":"Pellets &#8211; Informa\u00e7\u00f5es"},"content":{"rendered":"<div class=\"content_block\" id=\"custom_post_widget-465\"><div class=\"container\">\n<div class=\"g-grid\">\n<div class=\"size-25 container-menu-inicio\"><a href=\"\/pellets-produtos\"><img decoding=\"async\" class=\"imgProductMenu aligncenter\" src=\"\/images\/pellets.png\" \/><\/a><\/p>\n<div id=\"menu-pellets\" class=\"overlay-menu-inicio\" style=\"text-align: center;\">\n<div class=\"text_menu\">Pellets<\/div>\n<\/div>\n<\/div>\n<div class=\"size-25 container-menu-inicio\" style=\"text-align: center;\"><a href=\"\/paletes-produtos\"><img decoding=\"async\" class=\"imgProductMenu\" src=\"\/images\/palete4entradas.png\" \/><\/a><\/p>\n<div id=\"menu-paletes\" class=\"overlay-menu-inicio\">\n<div class=\"text_menu\">Palettes<\/div>\n<\/div>\n<\/div>\n<div class=\"size-25 container-menu-inicio\"><a href=\"\/carvao-produtos\"><img decoding=\"async\" class=\"imgProductMenu aligncenter\" src=\"\/images\/carvao.png\" \/><\/a><\/p>\n<div id=\"menu-carvao\" class=\"overlay-menu-inicio\">\n<div class=\"text_menu\" style=\"text-align: center;\">BioCharbon<\/div>\n<\/div>\n<\/div>\n<div class=\"size-25 container-menu-inicio\"><\/div>\n<\/div>\n<\/div>\n<\/div>\n<div class=\"content_block\" id=\"custom_post_widget-475\"><div>\n<div class=\"line_green\"><\/div>\n<p class=\"sub_menu_margin\"><a id=\"aProdutosPellets\" class=\"sub_menu\" href=\"\/pellets-produtos\">Comprar<\/a><a id=\"aQueSaoPellets\" class=\"sub_menu\" href=\"\/pellets-o-que-sao\">Que sont les pellets ?<\/a><a id=\"aVantagensPellets\" class=\"sub_menu\" href=\"\/pellets-vantagens\">Avantages des pellets<\/a><a id=\"aInfoPellets\" class=\"sub_menu\" href=\"\/pellets-informacoes\">Informations<\/a><a id=\"aBeneficiosPellets\" class=\"sub_menu\" href=\"\/pellets-beneficios\">B\u00e9n\u00e9fices<\/a><a id=\"aAplicacoesPellets\" class=\"sub_menu\" href=\"\/pellets-aplicacoes\">Applications<\/a><a id=\"aNoticiasPellets\" class=\"sub_menu\" href=\"\/pellets-noticias\">Actualit\u00e9s<\/a><\/p>\n<\/div>\n<\/div>\n<div class=\"container\">\n<h2>Informations<\/h2>\n<p>A produ\u00e7\u00e3o de pellets surge no Grupo Martos em 2015 com o in\u00edcio de atividade da Omnipellets, uma moderna unidade produtiva com uma capacidade de produ\u00e7\u00e3o de 25.000 ton\/ano, munida da mais avan\u00e7ada tecnologia na \u00e1rea da bioenergia.<\/p>\n<p>Fruto de uma iniciativa ponderada pelo compromisso com a sustentabilidade e responsabilidade social a Martos, identificou na produ\u00e7\u00e3o de pellets uma oportunidade, produzir uma energia renov\u00e1vel de modo sustentado, dando assim maior valor acrescentado aos subprodutos gerados pela atividade de serra\u00e7\u00e3o.<\/p>\n<p>O Grupo Martos \u00e9 detentor de um historial de mais de 35 anos na preserva\u00e7\u00e3o e valoriza\u00e7\u00e3o da floresta, promovendo e desenvolvendo atividades desde a planta\u00e7\u00e3o de novas \u00e1reas, transforma\u00e7\u00e3o e com\u00e9rcio dos produtos florestais e valoriza\u00e7\u00e3o dos subprodutos da atividade florestal.<\/p>\n<p><img decoding=\"async\" src=\"http:\/\/www.martos.pt\/wp-content\/uploads\/martos.png\"><\/p>\n<p>Os pellets s\u00e3o produzidos a partir do serrim e da estilha de pinho obtidos durante a transforma\u00e7\u00e3o da madeira. As mat\u00e9rias-primas s\u00e3o secas, trituradas e prensadas dando aos pellets o seu aspeto final.<\/p>\n<p>Durante a secagem s\u00e3o utilizados os subprodutos da explora\u00e7\u00e3o florestal, para produ\u00e7\u00e3o de calor, contributo desse modo para a limpeza das florestas e consequentemente, para a diminui\u00e7\u00e3o do risco de inc\u00eandios.<\/p>\n<p>A produ\u00e7\u00e3o de pellets permitiu \u00e0 Martos, n\u00e3o s\u00f3 o fecho do ciclo da valoriza\u00e7\u00e3o de todos os produtos gerados pela floresta como, a gera\u00e7\u00e3o de um ciclo neutro de emiss\u00e3o de CO2, uma vez que as emiss\u00f5es geradas durante a queima dos pellets s\u00e3o equivalentes ao CO2, sequestrado pelas \u00e1rvores em vida.<\/p>\n<h2>FAQ&#8217;s<\/h2>\n<p><strong>Onde posso adquirir pellets?<\/strong><br \/>\nDiretamente atrav\u00e9s dos nossos contactos T (351) 244 723 389<br \/>\nAtrav\u00e9s da nossa p\u00e1gina preenchendo o formul\u00e1rio de encomendas<br \/>\nNa nossa vasta rede de distribuidores<\/p>\n<p><strong>Quais as condi\u00e7\u00f5es em que devem ser armazenados os pellets?<\/strong><br \/>\nOs pellets para aquecimento devem ser armazenados em local seco e arejado, evitando desse modo a absor\u00e7\u00e3o de humidade.<\/p>\n<p><strong>Os equipamentos a pellets necessitam de sistema de extra\u00e7\u00e3o de gases de combust\u00e3o?<\/strong><br \/>\nSim, qualquer equipamento, quando destinado \u00e0 utiliza\u00e7\u00e3o de pellets necessita de uma sa\u00edda de fumos ou gases de combust\u00e3o.<\/p>\n<p><strong>Qual o espa\u00e7o necess\u00e1rio para armazenar uma palete de sacos de pellets com um peso aproximado de 1000kg?<\/strong><br \/>\nUma tonelada de pellets ocupa aproximadamente uma \u00e1rea de 1m2 por 2 metros de altura.<\/p>\n<p><strong>Como posso verificar a qualidade dos pellets?<\/strong><br \/>\nNo caso de adquirir pellets ensacados deve verificar a informa\u00e7\u00e3o disponibilizada nos r\u00f3tulos designadamente, o selo da certifica\u00e7\u00e3o ENplus e a identifica\u00e7\u00e3o do produtor e\/ou distribuidor e as especifica\u00e7\u00f5es t\u00e9cnicas do produto.<br \/>\nNo caso da compra a granel ou em big bags pode tamb\u00e9m solicitar o certificado ou o boletim de an\u00e1lises ao produtor ou distribuidor.<br \/>\n<strong>O ENplus<\/strong>, \u00e9 um sistema de certifica\u00e7\u00e3o para pellets, desenvolvido na Europa, sendo reconhecido e aceite mundialmente, cujo objetivo \u00e9 estabelecer um referencial de qualidade para os pellets de madeira. O <strong>ENplus<\/strong> abrange toda a cadeia de valor dos pellets, desde a mat\u00e9ria-prima, produ\u00e7\u00e3o, armazenamento e distribui\u00e7\u00e3o ao consumidor final. Permite o controlo de qualidade de forma continua atrav\u00e9s de monitoriza\u00e7\u00e3o interna e auditorias externas, realizadas pela SGS na empresa, an\u00e1lise de v\u00e1rios par\u00e2metros dos pellets e monitoriza\u00e7\u00e3o do sistema de qualidade da produ\u00e7\u00e3o.<\/p>\n<p><strong>A substitui\u00e7\u00e3o de uma caldeira a g\u00e1s ou gas\u00f3leo implica altera\u00e7\u00f5es na rede de distribui\u00e7\u00e3o de calor?<\/strong><br \/>\nAs altera\u00e7\u00f5es a efetuar s\u00e3o apenas ao n\u00edvel do queimador da caldeira e do armazenamento do combust\u00edvel. N\u00e3o \u00e9 necess\u00e1ria qualquer altera\u00e7\u00e3o adicional \u00e0 rede de aquecimento. Aconselha-se a consulta um instalador autorizado e credenciado pela marca do equipamento.<\/p>\n<\/div>","protected":false},"excerpt":{"rendered":"<p>Informa\u00e7\u00f5es A produ\u00e7\u00e3o de pellets surge no Grupo Martos em 2015 com o in\u00edcio de atividade da Omnipellets, uma moderna unidade produtiva com uma capacidade de produ\u00e7\u00e3o de 25.000 ton\/ano, munida da mais avan\u00e7ada tecnologia na \u00e1rea da bioenergia. Fruto de uma iniciativa ponderada pelo compromisso com a sustentabilidade e responsabilidade social a Martos, identificou [&hellip;]<\/p>","protected":false},"author":1,"featured_media":0,"parent":0,"menu_order":0,"comment_status":"closed","ping_status":"closed","template":"","meta":{"_mi_skip_tracking":false,"_monsterinsights_sitenote_active":false,"_monsterinsights_sitenote_note":"","_monsterinsights_sitenote_category":0,"footnotes":""},"aioseo_notices":[],"_links":{"self":[{"href":"https:\/\/www.martos.pt\/fr\/wp-json\/wp\/v2\/pages\/483"}],"collection":[{"href":"https:\/\/www.martos.pt\/fr\/wp-json\/wp\/v2\/pages"}],"about":[{"href":"https:\/\/www.martos.pt\/fr\/wp-json\/wp\/v2\/types\/page"}],"author":[{"embeddable":true,"href":"https:\/\/www.martos.pt\/fr\/wp-json\/wp\/v2\/users\/1"}],"replies":[{"embeddable":true,"href":"https:\/\/www.martos.pt\/fr\/wp-json\/wp\/v2\/comments?post=483"}],"version-history":[{"count":16,"href":"https:\/\/www.martos.pt\/fr\/wp-json\/wp\/v2\/pages\/483\/revisions"}],"predecessor-version":[{"id":3181,"href":"https:\/\/www.martos.pt\/fr\/wp-json\/wp\/v2\/pages\/483\/revisions\/3181"}],"wp:attachment":[{"href":"https:\/\/www.martos.pt\/fr\/wp-json\/wp\/v2\/media?parent=483"}],"curies":[{"name":"wp","href":"https:\/\/api.w.org\/{rel}","templated":true}]}}